{"id":85272,"date":"2022-07-15T12:47:26","date_gmt":"2022-07-15T12:47:26","guid":{"rendered":"https:\/\/mcunha.eu\/?page_id=85272"},"modified":"2022-07-15T15:22:55","modified_gmt":"2022-07-15T15:22:55","slug":"blog","status":"publish","type":"page","link":"https:\/\/mcunha.eu\/pt_PT\/blog\/","title":{"rendered":"Blog"},"content":{"rendered":"<div data-elementor-type=\"wp-page\" data-elementor-id=\"85272\" class=\"elementor elementor-85272\" data-elementor-post-type=\"page\">\n\t\t\t\t\t\t<section class=\"elementor-section elementor-top-section elementor-element elementor-element-6c0240b elementor-section-boxed elementor-section-height-default elementor-section-height-default\" data-id=\"6c0240b\" data-element_type=\"section\" data-e-type=\"section\">\n\t\t\t\t\t\t<div class=\"elementor-container elementor-column-gap-default\">\n\t\t\t\t\t<div class=\"elementor-column elementor-col-100 elementor-top-column elementor-element elementor-element-200d1ed\" data-id=\"200d1ed\" data-element_type=\"column\" data-e-type=\"column\">\n\t\t\t<div class=\"elementor-widget-wrap elementor-element-populated\">\n\t\t\t\t\t\t<div class=\"elementor-element elementor-element-7804d66 elementor-posts--align-left elementor-grid-3 elementor-grid-tablet-2 elementor-grid-mobile-1 elementor-posts--thumbnail-top elementor-posts--show-avatar elementor-card-shadow-yes elementor-posts__hover-gradient elementor-widget elementor-widget-posts\" data-id=\"7804d66\" data-element_type=\"widget\" data-e-type=\"widget\" data-settings=\"{&quot;pagination_type&quot;:&quot;load_more_infinite_scroll&quot;,&quot;cards_columns&quot;:&quot;3&quot;,&quot;cards_columns_tablet&quot;:&quot;2&quot;,&quot;cards_columns_mobile&quot;:&quot;1&quot;,&quot;cards_row_gap&quot;:{&quot;unit&quot;:&quot;px&quot;,&quot;size&quot;:35,&quot;sizes&quot;:[]},&quot;cards_row_gap_tablet&quot;:{&quot;unit&quot;:&quot;px&quot;,&quot;size&quot;:&quot;&quot;,&quot;sizes&quot;:[]},&quot;cards_row_gap_mobile&quot;:{&quot;unit&quot;:&quot;px&quot;,&quot;size&quot;:&quot;&quot;,&quot;sizes&quot;:[]},&quot;load_more_spinner&quot;:{&quot;value&quot;:&quot;fas fa-spinner&quot;,&quot;library&quot;:&quot;fa-solid&quot;}}\" data-widget_type=\"posts.cards\">\n\t\t\t\t<div class=\"elementor-widget-container\">\n\t\t\t\t\t\t\t<div class=\"elementor-posts-container elementor-posts elementor-posts--skin-cards elementor-grid\" role=\"list\">\r\n\t\t\t\t<article class=\"elementor-post elementor-grid-item post-86618 post type-post status-publish format-standard has-post-thumbnail hentry category-uncategorized tag-ambiente tag-arquitetura tag-empreendimentos tag-imobiliario tag-inovacao tag-mcunhanews tag-premios tag-reabilitacao tag-reconstrucao tag-solidariedade tag-sustentabilidade tag-turismo\" role=\"listitem\">\r\n\t\t\t<div class=\"elementor-post__card\">\r\n\t\t\t\t<a class=\"elementor-post__thumbnail__link\" href=\"https:\/\/mcunha.eu\/pt_PT\/2023\/10\/30\/premios-do-imobiliario-os-melhores-projetos-de-2022-v-gala\/\" tabindex=\"-1\" ><div class=\"elementor-post__thumbnail\"><img fetchpriority=\"high\" decoding=\"async\" width=\"1708\" height=\"2560\" src=\"https:\/\/mcunha.eu\/wp-content\/uploads\/2023\/10\/MCUNHA-REAL-ESTATE-LUXURY-PREMIO-DO-IMOBILIARIO.jpg\" class=\"attachment-full size-full wp-image-86622\" alt=\"MCUNHA REAL ESTATE LUXURY PREMIO DO IMOBILIARIO\" srcset=\"https:\/\/mcunha.eu\/wp-content\/uploads\/2023\/10\/MCUNHA-REAL-ESTATE-LUXURY-PREMIO-DO-IMOBILIARIO.jpg 1708w, https:\/\/mcunha.eu\/wp-content\/uploads\/2023\/10\/MCUNHA-REAL-ESTATE-LUXURY-PREMIO-DO-IMOBILIARIO-200x300.jpg 200w, https:\/\/mcunha.eu\/wp-content\/uploads\/2023\/10\/MCUNHA-REAL-ESTATE-LUXURY-PREMIO-DO-IMOBILIARIO-683x1024.jpg 683w, https:\/\/mcunha.eu\/wp-content\/uploads\/2023\/10\/MCUNHA-REAL-ESTATE-LUXURY-PREMIO-DO-IMOBILIARIO-768x1151.jpg 768w, https:\/\/mcunha.eu\/wp-content\/uploads\/2023\/10\/MCUNHA-REAL-ESTATE-LUXURY-PREMIO-DO-IMOBILIARIO-1025x1536.jpg 1025w, https:\/\/mcunha.eu\/wp-content\/uploads\/2023\/10\/MCUNHA-REAL-ESTATE-LUXURY-PREMIO-DO-IMOBILIARIO-1366x2048.jpg 1366w, https:\/\/mcunha.eu\/wp-content\/uploads\/2023\/10\/MCUNHA-REAL-ESTATE-LUXURY-PREMIO-DO-IMOBILIARIO-8x12.jpg 8w\" sizes=\"(max-width: 1708px) 100vw, 1708px\" \/><\/div><\/a>\r\n\t\t\t\t<div class=\"elementor-post__badge\">Uncategorized<\/div>\r\n\t\t\t\t<div class=\"elementor-post__avatar\">\r\n\t\t\t<img alt='Maria Cunha' src='https:\/\/secure.gravatar.com\/avatar\/5ac7a3578d8b30831c4feb416fbeec6fdbf36cdeccc7b6d8da1322d15f0a8c37?s=128&#038;d=mm&#038;r=g' srcset='https:\/\/secure.gravatar.com\/avatar\/5ac7a3578d8b30831c4feb416fbeec6fdbf36cdeccc7b6d8da1322d15f0a8c37?s=256&#038;d=mm&#038;r=g 2x' class='avatar avatar-128 photo' height='128' width='128' \/>\t\t<\/div>\r\n\t\t\t\t<div class=\"elementor-post__text\">\r\n\t\t\t\t<h3 class=\"elementor-post__title\">\r\n\t\t\t<a href=\"https:\/\/mcunha.eu\/pt_PT\/2023\/10\/30\/premios-do-imobiliario-os-melhores-projetos-de-2022-v-gala\/\" >\r\n\t\t\t\tPr\u00e9mios do Imobili\u00e1rio &#8211; Os melhores projetos de 2022 &#8211; V Gala\t\t\t<\/a>\r\n\t\t<\/h3>\r\n\t\t\t\t<div class=\"elementor-post__excerpt\">\r\n\t\t\t<p>Confesso que ando para V\/escrever desde o dia 19 de Outubro, sobre esta V Gala dos Pr\u00e9mios do Imobili\u00e1rio, que se celebrou em Guimar\u00e3es, no<\/p>\n\t\t<\/div>\r\n\t\t\r\n\t\t<a class=\"elementor-post__read-more\" href=\"https:\/\/mcunha.eu\/pt_PT\/2023\/10\/30\/premios-do-imobiliario-os-melhores-projetos-de-2022-v-gala\/\" aria-label=\"Read more about Pr\u00e9mios do Imobili\u00e1rio &#8211; Os melhores projetos de 2022 &#8211; V Gala\" tabindex=\"-1\" >\r\n\t\t\tLer Mais \u00bb\t\t<\/a>\r\n\r\n\t\t\t\t<\/div>\r\n\t\t\t\t<div class=\"elementor-post__meta-data\">\r\n\t\t\t\t\t<span class=\"elementor-post-author\">\r\n\t\t\tMaria Cunha\t\t<\/span>\r\n\t\t\t\t<span class=\"elementor-post-date\">\r\n\t\t\tOutubro 30, 2023\t\t<\/span>\r\n\t\t\t\t<\/div>\r\n\t\t\t\t\t<\/div>\r\n\t\t<\/article>\r\n\t\t\t\t<article class=\"elementor-post elementor-grid-item post-86476 post type-post status-publish format-standard has-post-thumbnail hentry category-uncategorized tag-canicada tag-geres tag-investments tag-lakesports tag-luxuryrealestate tag-northofportugal tag-turismo\" role=\"listitem\">\r\n\t\t\t<div class=\"elementor-post__card\">\r\n\t\t\t\t<a class=\"elementor-post__thumbnail__link\" href=\"https:\/\/mcunha.eu\/pt_PT\/2023\/09\/25\/a-norte-do-porto-terras-do-bouro\/\" tabindex=\"-1\" ><div class=\"elementor-post__thumbnail\"><img decoding=\"async\" width=\"221\" height=\"320\" src=\"https:\/\/mcunha.eu\/wp-content\/uploads\/2023\/09\/Geres.jpg\" class=\"attachment-full size-full wp-image-86500\" alt=\"Geres\" srcset=\"https:\/\/mcunha.eu\/wp-content\/uploads\/2023\/09\/Geres.jpg 221w, https:\/\/mcunha.eu\/wp-content\/uploads\/2023\/09\/Geres-207x300.jpg 207w, https:\/\/mcunha.eu\/wp-content\/uploads\/2023\/09\/Geres-8x12.jpg 8w\" sizes=\"(max-width: 221px) 100vw, 221px\" \/><\/div><\/a>\r\n\t\t\t\t<div class=\"elementor-post__badge\">Uncategorized<\/div>\r\n\t\t\t\t<div class=\"elementor-post__avatar\">\r\n\t\t\t<img alt='Maria Cunha' src='https:\/\/secure.gravatar.com\/avatar\/5ac7a3578d8b30831c4feb416fbeec6fdbf36cdeccc7b6d8da1322d15f0a8c37?s=128&#038;d=mm&#038;r=g' srcset='https:\/\/secure.gravatar.com\/avatar\/5ac7a3578d8b30831c4feb416fbeec6fdbf36cdeccc7b6d8da1322d15f0a8c37?s=256&#038;d=mm&#038;r=g 2x' class='avatar avatar-128 photo' height='128' width='128' \/>\t\t<\/div>\r\n\t\t\t\t<div class=\"elementor-post__text\">\r\n\t\t\t\t<h3 class=\"elementor-post__title\">\r\n\t\t\t<a href=\"https:\/\/mcunha.eu\/pt_PT\/2023\/09\/25\/a-norte-do-porto-terras-do-bouro\/\" >\r\n\t\t\t\tA Norte do Porto &#8211; Terras do Bouro\t\t\t<\/a>\r\n\t\t<\/h3>\r\n\t\t\t\t<div class=\"elementor-post__excerpt\">\r\n\t\t\t<p>Depois de mais de 40 anos de um retorno familiar de \u00c1frica, ao Porto, que para mim e para os meus irm\u00e3os, n\u00e3o foi retorno,<\/p>\n\t\t<\/div>\r\n\t\t\r\n\t\t<a class=\"elementor-post__read-more\" href=\"https:\/\/mcunha.eu\/pt_PT\/2023\/09\/25\/a-norte-do-porto-terras-do-bouro\/\" aria-label=\"Read more about A Norte do Porto &#8211; Terras do Bouro\" tabindex=\"-1\" >\r\n\t\t\tLer Mais \u00bb\t\t<\/a>\r\n\r\n\t\t\t\t<\/div>\r\n\t\t\t\t<div class=\"elementor-post__meta-data\">\r\n\t\t\t\t\t<span class=\"elementor-post-author\">\r\n\t\t\tMaria Cunha\t\t<\/span>\r\n\t\t\t\t<span class=\"elementor-post-date\">\r\n\t\t\tSetembro 25, 2023\t\t<\/span>\r\n\t\t\t\t<\/div>\r\n\t\t\t\t\t<\/div>\r\n\t\t<\/article>\r\n\t\t\t\t<article class=\"elementor-post elementor-grid-item post-86297 post type-post status-publish format-standard has-post-thumbnail hentry category-uncategorized tag-hotels tag-investimentoimobiliario tag-luxuryrealestate tag-luxuryrealetsate tag-mcunha tag-palacehouses tag-portocity tag-turismo\" role=\"listitem\">\r\n\t\t\t<div class=\"elementor-post__card\">\r\n\t\t\t\t<a class=\"elementor-post__thumbnail__link\" href=\"https:\/\/mcunha.eu\/pt_PT\/2023\/09\/01\/estamos-de-volta-investimento-hoteleiro-e-o-porto\/\" tabindex=\"-1\" ><div class=\"elementor-post__thumbnail\"><img decoding=\"async\" width=\"180\" height=\"320\" src=\"https:\/\/mcunha.eu\/wp-content\/uploads\/2023\/09\/Foto-Jardins-do-Porto.jpg\" class=\"attachment-full size-full wp-image-86311\" alt=\"Foto Jardins do Porto\" srcset=\"https:\/\/mcunha.eu\/wp-content\/uploads\/2023\/09\/Foto-Jardins-do-Porto.jpg 180w, https:\/\/mcunha.eu\/wp-content\/uploads\/2023\/09\/Foto-Jardins-do-Porto-169x300.jpg 169w, https:\/\/mcunha.eu\/wp-content\/uploads\/2023\/09\/Foto-Jardins-do-Porto-7x12.jpg 7w\" sizes=\"(max-width: 180px) 100vw, 180px\" \/><\/div><\/a>\r\n\t\t\t\t<div class=\"elementor-post__badge\">Uncategorized<\/div>\r\n\t\t\t\t<div class=\"elementor-post__avatar\">\r\n\t\t\t<img alt='Maria Cunha' src='https:\/\/secure.gravatar.com\/avatar\/5ac7a3578d8b30831c4feb416fbeec6fdbf36cdeccc7b6d8da1322d15f0a8c37?s=128&#038;d=mm&#038;r=g' srcset='https:\/\/secure.gravatar.com\/avatar\/5ac7a3578d8b30831c4feb416fbeec6fdbf36cdeccc7b6d8da1322d15f0a8c37?s=256&#038;d=mm&#038;r=g 2x' class='avatar avatar-128 photo' height='128' width='128' \/>\t\t<\/div>\r\n\t\t\t\t<div class=\"elementor-post__text\">\r\n\t\t\t\t<h3 class=\"elementor-post__title\">\r\n\t\t\t<a href=\"https:\/\/mcunha.eu\/pt_PT\/2023\/09\/01\/estamos-de-volta-investimento-hoteleiro-e-o-porto\/\" >\r\n\t\t\t\tEstamos de volta &#8211; Investimento Hoteleiro e o Porto\t\t\t<\/a>\r\n\t\t<\/h3>\r\n\t\t\t\t<div class=\"elementor-post__excerpt\">\r\n\t\t\t<p>No in\u00edcio de Setembro, fico sempre com a sensa\u00e7\u00e3o nost\u00e1lgica de um Ver\u00e3o que se acabou, porque noto das minhas janelas, os dias mais curtos<\/p>\n\t\t<\/div>\r\n\t\t\r\n\t\t<a class=\"elementor-post__read-more\" href=\"https:\/\/mcunha.eu\/pt_PT\/2023\/09\/01\/estamos-de-volta-investimento-hoteleiro-e-o-porto\/\" aria-label=\"Read more about Estamos de volta &#8211; Investimento Hoteleiro e o Porto\" tabindex=\"-1\" >\r\n\t\t\tLer Mais \u00bb\t\t<\/a>\r\n\r\n\t\t\t\t<\/div>\r\n\t\t\t\t<div class=\"elementor-post__meta-data\">\r\n\t\t\t\t\t<span class=\"elementor-post-author\">\r\n\t\t\tMaria Cunha\t\t<\/span>\r\n\t\t\t\t<span class=\"elementor-post-date\">\r\n\t\t\tSetembro 1, 2023\t\t<\/span>\r\n\t\t\t\t<\/div>\r\n\t\t\t\t\t<\/div>\r\n\t\t<\/article>\r\n\t\t\t\t<article class=\"elementor-post elementor-grid-item post-86167 post type-post status-publish format-standard has-post-thumbnail hentry category-uncategorized tag-atitude tag-ddcsamsys tag-givingback tag-knowledge tag-lifestyle tag-peoplethatmakethedifference tag-samsys\" role=\"listitem\">\r\n\t\t\t<div class=\"elementor-post__card\">\r\n\t\t\t\t<a class=\"elementor-post__thumbnail__link\" href=\"https:\/\/mcunha.eu\/pt_PT\/2023\/06\/08\/atitude-e-gratidao\/\" tabindex=\"-1\" ><div class=\"elementor-post__thumbnail\"><img loading=\"lazy\" decoding=\"async\" width=\"214\" height=\"320\" src=\"https:\/\/mcunha.eu\/wp-content\/uploads\/2023\/06\/Ruben-Samsys.jpg\" class=\"attachment-full size-full wp-image-86169\" alt=\"Ruben Samsys\" srcset=\"https:\/\/mcunha.eu\/wp-content\/uploads\/2023\/06\/Ruben-Samsys.jpg 214w, https:\/\/mcunha.eu\/wp-content\/uploads\/2023\/06\/Ruben-Samsys-201x300.jpg 201w, https:\/\/mcunha.eu\/wp-content\/uploads\/2023\/06\/Ruben-Samsys-8x12.jpg 8w\" sizes=\"(max-width: 214px) 100vw, 214px\" \/><\/div><\/a>\r\n\t\t\t\t<div class=\"elementor-post__badge\">Uncategorized<\/div>\r\n\t\t\t\t<div class=\"elementor-post__avatar\">\r\n\t\t\t<img alt='Maria Cunha' src='https:\/\/secure.gravatar.com\/avatar\/5ac7a3578d8b30831c4feb416fbeec6fdbf36cdeccc7b6d8da1322d15f0a8c37?s=128&#038;d=mm&#038;r=g' srcset='https:\/\/secure.gravatar.com\/avatar\/5ac7a3578d8b30831c4feb416fbeec6fdbf36cdeccc7b6d8da1322d15f0a8c37?s=256&#038;d=mm&#038;r=g 2x' class='avatar avatar-128 photo' height='128' width='128' \/>\t\t<\/div>\r\n\t\t\t\t<div class=\"elementor-post__text\">\r\n\t\t\t\t<h3 class=\"elementor-post__title\">\r\n\t\t\t<a href=\"https:\/\/mcunha.eu\/pt_PT\/2023\/06\/08\/atitude-e-gratidao\/\" >\r\n\t\t\t\tATITUDE e GRATID\u00c3O\t\t\t<\/a>\r\n\t\t<\/h3>\r\n\t\t\t\t<div class=\"elementor-post__excerpt\">\r\n\t\t\t<p>Hoje, n\u00e3o Vos quero falar de imobili\u00e1rio, investimentos, novos projectos, economia! Hoje quero-Vos falar de Gente, e quero falar-Vos de gente que faz a diferen\u00e7a<\/p>\n\t\t<\/div>\r\n\t\t\r\n\t\t<a class=\"elementor-post__read-more\" href=\"https:\/\/mcunha.eu\/pt_PT\/2023\/06\/08\/atitude-e-gratidao\/\" aria-label=\"Read more about ATITUDE e GRATID\u00c3O\" tabindex=\"-1\" >\r\n\t\t\tLer Mais \u00bb\t\t<\/a>\r\n\r\n\t\t\t\t<\/div>\r\n\t\t\t\t<div class=\"elementor-post__meta-data\">\r\n\t\t\t\t\t<span class=\"elementor-post-author\">\r\n\t\t\tMaria Cunha\t\t<\/span>\r\n\t\t\t\t<span class=\"elementor-post-date\">\r\n\t\t\tJunho 8, 2023\t\t<\/span>\r\n\t\t\t\t<\/div>\r\n\t\t\t\t\t<\/div>\r\n\t\t<\/article>\r\n\t\t\t\t<article class=\"elementor-post elementor-grid-item post-85924 post type-post status-publish format-standard hentry category-uncategorized tag-development tag-gaia tag-houses tag-investimentoimobiliario tag-investment tag-liveinportugal tag-mcunha tag-newconstruction tag-news tag-portugalnorth tag-realestate\" role=\"listitem\">\r\n\t\t\t<div class=\"elementor-post__card\">\r\n\t\t\t\t<div class=\"elementor-post__text\">\r\n\t\t\t\t<h3 class=\"elementor-post__title\">\r\n\t\t\t<a href=\"https:\/\/mcunha.eu\/pt_PT\/2023\/04\/27\/gaia-o-novo-ex-libris-do-investimento-imobiliario\/\" >\r\n\t\t\t\tGaia &#8211; O novo &#8220;ex-libris&#8221; do investimento imobili\u00e1rio\t\t\t<\/a>\r\n\t\t<\/h3>\r\n\t\t\t\t<div class=\"elementor-post__excerpt\">\r\n\t\t\t<p>A din\u00e2mica de investimento p\u00fablico, que se est\u00e1 a verificar na Cidade de Gaia, numa acentuada interliga\u00e7\u00e3o com a Cidade do Porto, nomeadamente a nova<\/p>\n\t\t<\/div>\r\n\t\t\r\n\t\t<a class=\"elementor-post__read-more\" href=\"https:\/\/mcunha.eu\/pt_PT\/2023\/04\/27\/gaia-o-novo-ex-libris-do-investimento-imobiliario\/\" aria-label=\"Read more about Gaia &#8211; O novo &#8220;ex-libris&#8221; do investimento imobili\u00e1rio\" tabindex=\"-1\" >\r\n\t\t\tLer Mais \u00bb\t\t<\/a>\r\n\r\n\t\t\t\t<\/div>\r\n\t\t\t\t<div class=\"elementor-post__meta-data\">\r\n\t\t\t\t\t<span class=\"elementor-post-author\">\r\n\t\t\tMaria Cunha\t\t<\/span>\r\n\t\t\t\t<span class=\"elementor-post-date\">\r\n\t\t\tAbril 27, 2023\t\t<\/span>\r\n\t\t\t\t<\/div>\r\n\t\t\t\t\t<\/div>\r\n\t\t<\/article>\r\n\t\t\t\t<article class=\"elementor-post elementor-grid-item post-85884 post type-post status-publish format-standard hentry category-uncategorized tag-ambroisetezanas tag-christianlouboutin tag-lifestyle tag-luxuryhotels tag-marugal tag-mcunhanews tag-melides tag-portugal tag-tourism\" role=\"listitem\">\r\n\t\t\t<div class=\"elementor-post__card\">\r\n\t\t\t\t<div class=\"elementor-post__text\">\r\n\t\t\t\t<h3 class=\"elementor-post__title\">\r\n\t\t\t<a href=\"https:\/\/mcunha.eu\/pt_PT\/2023\/04\/01\/hotel-vermelho-louboutin-e-o-luxo-dos-detalhes\/\" >\r\n\t\t\t\tHotel Vermelho &#8211; Louboutin e o luxo dos detalhes!\t\t\t<\/a>\r\n\t\t<\/h3>\r\n\t\t\t\t<div class=\"elementor-post__excerpt\">\r\n\t\t\t<p>Melides, no Concelho de Gr\u00e2ndola, agora pelas m\u00e3os do famoso designer e criador de sapatos, Christian Louboutin com o luxuoso Hotel Vermelho de nome Portugu\u00eas<\/p>\n\t\t<\/div>\r\n\t\t\r\n\t\t<a class=\"elementor-post__read-more\" href=\"https:\/\/mcunha.eu\/pt_PT\/2023\/04\/01\/hotel-vermelho-louboutin-e-o-luxo-dos-detalhes\/\" aria-label=\"Read more about Hotel Vermelho &#8211; Louboutin e o luxo dos detalhes!\" tabindex=\"-1\" >\r\n\t\t\tLer Mais \u00bb\t\t<\/a>\r\n\r\n\t\t\t\t<\/div>\r\n\t\t\t\t<div class=\"elementor-post__meta-data\">\r\n\t\t\t\t\t<span class=\"elementor-post-author\">\r\n\t\t\tMaria Cunha\t\t<\/span>\r\n\t\t\t\t<span class=\"elementor-post-date\">\r\n\t\t\tAbril 1, 2023\t\t<\/span>\r\n\t\t\t\t<\/div>\r\n\t\t\t\t\t<\/div>\r\n\t\t<\/article>\r\n\t\t\t\t<article class=\"elementor-post elementor-grid-item post-85879 post type-post status-publish format-standard hentry category-uncategorized tag-casas tag-habitacao tag-idealista tag-investimentoimobiliario tag-mcunhanews tag-ofertadecasas tag-porto tag-portugal\" role=\"listitem\">\r\n\t\t\t<div class=\"elementor-post__card\">\r\n\t\t\t\t<div class=\"elementor-post__text\">\r\n\t\t\t\t<h3 class=\"elementor-post__title\">\r\n\t\t\t<a href=\"https:\/\/mcunha.eu\/pt_PT\/2023\/03\/27\/morar-no-grande-porto-desafios-do-mercado\/\" >\r\n\t\t\t\tMorar no Grande Porto &#8211; desafios do mercado\t\t\t<\/a>\r\n\t\t<\/h3>\r\n\t\t\t\t<div class=\"elementor-post__excerpt\">\r\n\t\t\t<p>Oferta de Casas no \u00faltimo Trimestre 2022 (face hom\u00f3logo 2021) &#8211; Fonte: Idealista. Vivemos grandes desafios no mercado imobili\u00e1rio, em todo o Pa\u00eds, e muito<\/p>\n\t\t<\/div>\r\n\t\t\r\n\t\t<a class=\"elementor-post__read-more\" href=\"https:\/\/mcunha.eu\/pt_PT\/2023\/03\/27\/morar-no-grande-porto-desafios-do-mercado\/\" aria-label=\"Read more about Morar no Grande Porto &#8211; desafios do mercado\" tabindex=\"-1\" >\r\n\t\t\tLer Mais \u00bb\t\t<\/a>\r\n\r\n\t\t\t\t<\/div>\r\n\t\t\t\t<div class=\"elementor-post__meta-data\">\r\n\t\t\t\t\t<span class=\"elementor-post-author\">\r\n\t\t\tMaria Cunha\t\t<\/span>\r\n\t\t\t\t<span class=\"elementor-post-date\">\r\n\t\t\tMar\u00e7o 27, 2023\t\t<\/span>\r\n\t\t\t\t<\/div>\r\n\t\t\t\t\t<\/div>\r\n\t\t<\/article>\r\n\t\t\t\t<article class=\"elementor-post elementor-grid-item post-85845 post type-post status-publish format-standard hentry category-uncategorized tag-15mcity tag-development tag-greencities tag-investment tag-lifestyle tag-mcunhablog tag-mcunhanews tag-mipim2023 tag-porto tag-portugal tag-realestate tag-rebuild tag-sustainable\" role=\"listitem\">\r\n\t\t\t<div class=\"elementor-post__card\">\r\n\t\t\t\t<div class=\"elementor-post__text\">\r\n\t\t\t\t<h3 class=\"elementor-post__title\">\r\n\t\t\t<a href=\"https:\/\/mcunha.eu\/pt_PT\/2023\/03\/18\/city-of-15-minutes-future-or-conspiracy\/\" >\r\n\t\t\t\tCity of 15 minutes &#8211; Future or Conspiracy!!\t\t\t<\/a>\r\n\t\t<\/h3>\r\n\t\t\t\t<div class=\"elementor-post__excerpt\">\r\n\t\t\t<p>Much has been said about the city of 15 minutes, a concept by award-winning scientist Carlos Moreno, but which actually gained some strength and notoriety<\/p>\n\t\t<\/div>\r\n\t\t\r\n\t\t<a class=\"elementor-post__read-more\" href=\"https:\/\/mcunha.eu\/pt_PT\/2023\/03\/18\/city-of-15-minutes-future-or-conspiracy\/\" aria-label=\"Read more about City of 15 minutes &#8211; Future or Conspiracy!!\" tabindex=\"-1\" >\r\n\t\t\tLer Mais \u00bb\t\t<\/a>\r\n\r\n\t\t\t\t<\/div>\r\n\t\t\t\t<div class=\"elementor-post__meta-data\">\r\n\t\t\t\t\t<span class=\"elementor-post-author\">\r\n\t\t\tMaria Cunha\t\t<\/span>\r\n\t\t\t\t<span class=\"elementor-post-date\">\r\n\t\t\tMar\u00e7o 18, 2023\t\t<\/span>\r\n\t\t\t\t<\/div>\r\n\t\t\t\t\t<\/div>\r\n\t\t<\/article>\r\n\t\t\t\t<article class=\"elementor-post elementor-grid-item post-85840 post type-post status-publish format-standard hentry category-uncategorized tag-castrogroup tag-develop tag-liveinportugal tag-luxuryrealestate-portocity-mcunha-northofportugal tag-mcunha-luxuryrealestate-business-porto-portugal-investments-advice-services-buyinportugal tag-mipim2023-investments-porto-portugal-fusevalley-realestate\" role=\"listitem\">\r\n\t\t\t<div class=\"elementor-post__card\">\r\n\t\t\t\t<div class=\"elementor-post__text\">\r\n\t\t\t\t<h3 class=\"elementor-post__title\">\r\n\t\t\t<a href=\"https:\/\/mcunha.eu\/pt_PT\/2023\/03\/09\/fuse-valley-finalista-mipim-awards-2023\/\" >\r\n\t\t\t\tFuse Valley &#8211; Finalista MIPIM Awards 2023\t\t\t<\/a>\r\n\t\t<\/h3>\r\n\t\t\t\t<div class=\"elementor-post__excerpt\">\r\n\t\t\t<p>O Norte, novamente de parab\u00e9ns, e em grande destaque na MIPIM 2023, que se realizar\u00e1 de 14 a 17\/Mar\u00e7o, em Cannes. O Fuse Valley, estar\u00e1<\/p>\n\t\t<\/div>\r\n\t\t\r\n\t\t<a class=\"elementor-post__read-more\" href=\"https:\/\/mcunha.eu\/pt_PT\/2023\/03\/09\/fuse-valley-finalista-mipim-awards-2023\/\" aria-label=\"Read more about Fuse Valley &#8211; Finalista MIPIM Awards 2023\" tabindex=\"-1\" >\r\n\t\t\tLer Mais \u00bb\t\t<\/a>\r\n\r\n\t\t\t\t<\/div>\r\n\t\t\t\t<div class=\"elementor-post__meta-data\">\r\n\t\t\t\t\t<span class=\"elementor-post-author\">\r\n\t\t\tMaria Cunha\t\t<\/span>\r\n\t\t\t\t<span class=\"elementor-post-date\">\r\n\t\t\tMar\u00e7o 9, 2023\t\t<\/span>\r\n\t\t\t\t<\/div>\r\n\t\t\t\t\t<\/div>\r\n\t\t<\/article>\r\n\t\t\t\t<article class=\"elementor-post elementor-grid-item post-85803 post type-post status-publish format-standard hentry category-uncategorized tag-alojamentolocal tag-construcao tag-goldvisa tag-mcunha tag-medidasdahabitacao tag-portugal tag-realestate\" role=\"listitem\">\r\n\t\t\t<div class=\"elementor-post__card\">\r\n\t\t\t\t<div class=\"elementor-post__text\">\r\n\t\t\t\t<h3 class=\"elementor-post__title\">\r\n\t\t\t<a href=\"https:\/\/mcunha.eu\/pt_PT\/2023\/02\/17\/em-nome-de-mais-habitacao\/\" >\r\n\t\t\t\tEm &#8220;nome&#8221; de mais habita\u00e7\u00e3o!!!\t\t\t<\/a>\r\n\t\t<\/h3>\r\n\t\t\t\t<div class=\"elementor-post__excerpt\">\r\n\t\t\t<p>Ao contr\u00e1rio do habitual, ontem n\u00e3o fiz qualquer publica\u00e7\u00e3o no nosso blog. Aguardava a confer\u00eancia de imprensa, sobre as medidas para a habita\u00e7\u00e3o, com alguma<\/p>\n\t\t<\/div>\r\n\t\t\r\n\t\t<a class=\"elementor-post__read-more\" href=\"https:\/\/mcunha.eu\/pt_PT\/2023\/02\/17\/em-nome-de-mais-habitacao\/\" aria-label=\"Read more about Em &#8220;nome&#8221; de mais habita\u00e7\u00e3o!!!\" tabindex=\"-1\" >\r\n\t\t\tLer Mais \u00bb\t\t<\/a>\r\n\r\n\t\t\t\t<\/div>\r\n\t\t\t\t<div class=\"elementor-post__meta-data\">\r\n\t\t\t\t\t<span class=\"elementor-post-author\">\r\n\t\t\tMaria Cunha\t\t<\/span>\r\n\t\t\t\t<span class=\"elementor-post-date\">\r\n\t\t\tFevereiro 17, 2023\t\t<\/span>\r\n\t\t\t\t<\/div>\r\n\t\t\t\t\t<\/div>\r\n\t\t<\/article>\r\n\t\t\t\t<article class=\"elementor-post elementor-grid-item post-85799 post type-post status-publish format-standard hentry category-uncategorized tag-develop tag-development tag-liveinportugal tag-luxuryrealestate tag-luxuryrealestate-portocity-mcunha-northofportugal tag-mcunha tag-northofportugal tag-portocity\" role=\"listitem\">\r\n\t\t\t<div class=\"elementor-post__card\">\r\n\t\t\t\t<div class=\"elementor-post__text\">\r\n\t\t\t\t<h3 class=\"elementor-post__title\">\r\n\t\t\t<a href=\"https:\/\/mcunha.eu\/pt_PT\/2023\/02\/09\/when-nature-and-sophistication-get-together\/\" >\r\n\t\t\t\tWhen nature and sophistication get together!\t\t\t<\/a>\r\n\t\t<\/h3>\r\n\t\t\t\t<div class=\"elementor-post__excerpt\">\r\n\t\t\t<p>Porto is still far from real estate transactions, in the order of \u20ac61,000\/m2, as in our neighbor Spain. But although the Douro River is born<\/p>\n\t\t<\/div>\r\n\t\t\r\n\t\t<a class=\"elementor-post__read-more\" href=\"https:\/\/mcunha.eu\/pt_PT\/2023\/02\/09\/when-nature-and-sophistication-get-together\/\" aria-label=\"Read more about When nature and sophistication get together!\" tabindex=\"-1\" >\r\n\t\t\tLer Mais \u00bb\t\t<\/a>\r\n\r\n\t\t\t\t<\/div>\r\n\t\t\t\t<div class=\"elementor-post__meta-data\">\r\n\t\t\t\t\t<span class=\"elementor-post-author\">\r\n\t\t\tMaria Cunha\t\t<\/span>\r\n\t\t\t\t<span class=\"elementor-post-date\">\r\n\t\t\tFevereiro 9, 2023\t\t<\/span>\r\n\t\t\t\t<\/div>\r\n\t\t\t\t\t<\/div>\r\n\t\t<\/article>\r\n\t\t\t\t<article class=\"elementor-post elementor-grid-item post-85794 post type-post status-publish format-standard hentry category-uncategorized tag-crowdfunding tag-investments tag-market tag-mcunha tag-porto tag-queridoinvestinumacasa tag-realestate\" role=\"listitem\">\r\n\t\t\t<div class=\"elementor-post__card\">\r\n\t\t\t\t<div class=\"elementor-post__text\">\r\n\t\t\t\t<h3 class=\"elementor-post__title\">\r\n\t\t\t<a href=\"https:\/\/mcunha.eu\/pt_PT\/2023\/02\/02\/real-estate-investments-crowdfunding\/\" >\r\n\t\t\t\tReal Estate Investments &#8211; Crowdfunding\t\t\t<\/a>\r\n\t\t<\/h3>\r\n\t\t\t\t<div class=\"elementor-post__excerpt\">\r\n\t\t\t<p>It remains true that investing in real estate is the best guarantee that money does not devalue. The rise in inflation and the low profitability<\/p>\n\t\t<\/div>\r\n\t\t\r\n\t\t<a class=\"elementor-post__read-more\" href=\"https:\/\/mcunha.eu\/pt_PT\/2023\/02\/02\/real-estate-investments-crowdfunding\/\" aria-label=\"Read more about Real Estate Investments &#8211; Crowdfunding\" tabindex=\"-1\" >\r\n\t\t\tLer Mais \u00bb\t\t<\/a>\r\n\r\n\t\t\t\t<\/div>\r\n\t\t\t\t<div class=\"elementor-post__meta-data\">\r\n\t\t\t\t\t<span class=\"elementor-post-author\">\r\n\t\t\tMaria Cunha\t\t<\/span>\r\n\t\t\t\t<span class=\"elementor-post-date\">\r\n\t\t\tFevereiro 2, 2023\t\t<\/span>\r\n\t\t\t\t<\/div>\r\n\t\t\t\t\t<\/div>\r\n\t\t<\/article>\r\n\t\t\t\t<article class=\"elementor-post elementor-grid-item post-85788 post type-post status-publish format-standard hentry category-uncategorized tag-airport tag-connectivity tag-lifeinporto tag-lifestyle tag-luxuryrealestate tag-mcunha tag-mcunhablog tag-porto tag-portugal tag-tourism tag-traveling\" role=\"listitem\">\r\n\t\t\t<div class=\"elementor-post__card\">\r\n\t\t\t\t<div class=\"elementor-post__text\">\r\n\t\t\t\t<h3 class=\"elementor-post__title\">\r\n\t\t\t<a href=\"https:\/\/mcunha.eu\/pt_PT\/2023\/01\/26\/porto-tourism-region-are-we-looking-for-a-historic-2023\/\" >\r\n\t\t\t\tPorto Tourism Region &#8211; are we looking for a historic 2023?!\t\t\t<\/a>\r\n\t\t<\/h3>\r\n\t\t\t\t<div class=\"elementor-post__excerpt\">\r\n\t\t\t<p>Could 2023 be a historic year for the tourism region of Porto and Northern Portugal? This is the conviction of the head of the tourist<\/p>\n\t\t<\/div>\r\n\t\t\r\n\t\t<a class=\"elementor-post__read-more\" href=\"https:\/\/mcunha.eu\/pt_PT\/2023\/01\/26\/porto-tourism-region-are-we-looking-for-a-historic-2023\/\" aria-label=\"Read more about Porto Tourism Region &#8211; are we looking for a historic 2023?!\" tabindex=\"-1\" >\r\n\t\t\tLer Mais \u00bb\t\t<\/a>\r\n\r\n\t\t\t\t<\/div>\r\n\t\t\t\t<div class=\"elementor-post__meta-data\">\r\n\t\t\t\t\t<span class=\"elementor-post-author\">\r\n\t\t\tMaria Cunha\t\t<\/span>\r\n\t\t\t\t<span class=\"elementor-post-date\">\r\n\t\t\tJaneiro 26, 2023\t\t<\/span>\r\n\t\t\t\t<\/div>\r\n\t\t\t\t\t<\/div>\r\n\t\t<\/article>\r\n\t\t\t\t<article class=\"elementor-post elementor-grid-item post-85777 post type-post status-publish format-standard hentry category-uncategorized tag-mcunha-luxuryrealestate-business-porto-portugal-investments-advice-services-buyinportugal\" role=\"listitem\">\r\n\t\t\t<div class=\"elementor-post__card\">\r\n\t\t\t\t<div class=\"elementor-post__text\">\r\n\t\t\t\t<h3 class=\"elementor-post__title\">\r\n\t\t\t<a href=\"https:\/\/mcunha.eu\/pt_PT\/2023\/01\/19\/how-quick-7-years-went-through\/\" >\r\n\t\t\t\tHow quick 7 years went through!!!\t\t\t<\/a>\r\n\t\t<\/h3>\r\n\t\t\t\t<div class=\"elementor-post__excerpt\">\r\n\t\t\t<p>Today is my &#8220;blog&#8221; day, and i did had decided to publish some considerations concerning Real Estate Portuguese Market, and expectations for 2023. After all<\/p>\n\t\t<\/div>\r\n\t\t\r\n\t\t<a class=\"elementor-post__read-more\" href=\"https:\/\/mcunha.eu\/pt_PT\/2023\/01\/19\/how-quick-7-years-went-through\/\" aria-label=\"Read more about How quick 7 years went through!!!\" tabindex=\"-1\" >\r\n\t\t\tLer Mais \u00bb\t\t<\/a>\r\n\r\n\t\t\t\t<\/div>\r\n\t\t\t\t<div class=\"elementor-post__meta-data\">\r\n\t\t\t\t\t<span class=\"elementor-post-author\">\r\n\t\t\tMaria Cunha\t\t<\/span>\r\n\t\t\t\t<span class=\"elementor-post-date\">\r\n\t\t\tJaneiro 19, 2023\t\t<\/span>\r\n\t\t\t\t<\/div>\r\n\t\t\t\t\t<\/div>\r\n\t\t<\/article>\r\n\t\t\t\t<article class=\"elementor-post elementor-grid-item post-85766 post type-post status-publish format-standard hentry category-uncategorized tag-foodanddrink tag-internationalliving tag-lifestyle tag-liveinportugal tag-livewell tag-mcunhacollections tag-northofportugal tag-porto tag-realestateadvicer tag-retire\" role=\"listitem\">\r\n\t\t\t<div class=\"elementor-post__card\">\r\n\t\t\t\t<div class=\"elementor-post__text\">\r\n\t\t\t\t<h3 class=\"elementor-post__title\">\r\n\t\t\t<a href=\"https:\/\/mcunha.eu\/pt_PT\/2023\/01\/12\/why-you-should-choose-portugal-to-live\/\" >\r\n\t\t\t\tWhy you should choose Portugal to live?\t\t\t<\/a>\r\n\t\t<\/h3>\r\n\t\t\t\t<div class=\"elementor-post__excerpt\">\r\n\t\t\t<p>The New Year is here, and we are back on this 2023, with news and information from our Country &#8211; Portugal, and also with our<\/p>\n\t\t<\/div>\r\n\t\t\r\n\t\t<a class=\"elementor-post__read-more\" href=\"https:\/\/mcunha.eu\/pt_PT\/2023\/01\/12\/why-you-should-choose-portugal-to-live\/\" aria-label=\"Read more about Why you should choose Portugal to live?\" tabindex=\"-1\" >\r\n\t\t\tLer Mais \u00bb\t\t<\/a>\r\n\r\n\t\t\t\t<\/div>\r\n\t\t\t\t<div class=\"elementor-post__meta-data\">\r\n\t\t\t\t\t<span class=\"elementor-post-author\">\r\n\t\t\tMaria Cunha\t\t<\/span>\r\n\t\t\t\t<span class=\"elementor-post-date\">\r\n\t\t\tJaneiro 12, 2023\t\t<\/span>\r\n\t\t\t\t<\/div>\r\n\t\t\t\t\t<\/div>\r\n\t\t<\/article>\r\n\t\t\t\t<article class=\"elementor-post elementor-grid-item post-85603 post type-post status-publish format-standard has-post-thumbnail hentry category-uncategorized tag-arquitectura tag-kengokuma tag-ooda tag-porto tag-portugal tag-sustentabilidade\" role=\"listitem\">\r\n\t\t\t<div class=\"elementor-post__card\">\r\n\t\t\t\t<a class=\"elementor-post__thumbnail__link\" href=\"https:\/\/mcunha.eu\/pt_PT\/2022\/10\/21\/a-new-centrality-in-porto-city\/\" tabindex=\"-1\" ><div class=\"elementor-post__thumbnail\"><img loading=\"lazy\" decoding=\"async\" width=\"744\" height=\"391\" src=\"https:\/\/mcunha.eu\/wp-content\/uploads\/2022\/10\/Antigo-Matadouro.jpg\" class=\"attachment-full size-full wp-image-85606\" alt=\"Antigo Matadouro\" srcset=\"https:\/\/mcunha.eu\/wp-content\/uploads\/2022\/10\/Antigo-Matadouro.jpg 744w, https:\/\/mcunha.eu\/wp-content\/uploads\/2022\/10\/Antigo-Matadouro-300x158.jpg 300w, https:\/\/mcunha.eu\/wp-content\/uploads\/2022\/10\/Antigo-Matadouro-18x9.jpg 18w\" sizes=\"(max-width: 744px) 100vw, 744px\" \/><\/div><\/a>\r\n\t\t\t\t<div class=\"elementor-post__badge\">Uncategorized<\/div>\r\n\t\t\t\t<div class=\"elementor-post__avatar\">\r\n\t\t\t<img alt='Maria Cunha' src='https:\/\/secure.gravatar.com\/avatar\/5ac7a3578d8b30831c4feb416fbeec6fdbf36cdeccc7b6d8da1322d15f0a8c37?s=128&#038;d=mm&#038;r=g' srcset='https:\/\/secure.gravatar.com\/avatar\/5ac7a3578d8b30831c4feb416fbeec6fdbf36cdeccc7b6d8da1322d15f0a8c37?s=256&#038;d=mm&#038;r=g 2x' class='avatar avatar-128 photo' height='128' width='128' \/>\t\t<\/div>\r\n\t\t\t\t<div class=\"elementor-post__text\">\r\n\t\t\t\t<h3 class=\"elementor-post__title\">\r\n\t\t\t<a href=\"https:\/\/mcunha.eu\/pt_PT\/2022\/10\/21\/a-new-centrality-in-porto-city\/\" >\r\n\t\t\t\tA New Centrality in Porto City\t\t\t<\/a>\r\n\t\t<\/h3>\r\n\t\t\t\t<div class=\"elementor-post__excerpt\">\r\n\t\t\t<p>O antigo Matadouro do Porto, que at\u00e9 h\u00e1 bem pouco tempo era um vazio urbano da Cidade Invicta, inoperacional h\u00e1 20 anos, na zona de<\/p>\n\t\t<\/div>\r\n\t\t\r\n\t\t<a class=\"elementor-post__read-more\" href=\"https:\/\/mcunha.eu\/pt_PT\/2022\/10\/21\/a-new-centrality-in-porto-city\/\" aria-label=\"Read more about A New Centrality in Porto City\" tabindex=\"-1\" >\r\n\t\t\tLer Mais \u00bb\t\t<\/a>\r\n\r\n\t\t\t\t<\/div>\r\n\t\t\t\t<div class=\"elementor-post__meta-data\">\r\n\t\t\t\t\t<span class=\"elementor-post-author\">\r\n\t\t\tMaria Cunha\t\t<\/span>\r\n\t\t\t\t<span class=\"elementor-post-date\">\r\n\t\t\tOutubro 21, 2022\t\t<\/span>\r\n\t\t\t\t<\/div>\r\n\t\t\t\t\t<\/div>\r\n\t\t<\/article>\r\n\t\t\t\t<article class=\"elementor-post elementor-grid-item post-85597 post type-post status-publish format-standard has-post-thumbnail hentry category-uncategorized\" role=\"listitem\">\r\n\t\t\t<div class=\"elementor-post__card\">\r\n\t\t\t\t<a class=\"elementor-post__thumbnail__link\" href=\"https:\/\/mcunha.eu\/pt_PT\/2022\/10\/19\/a-new-revolution-in-urban-mobility\/\" tabindex=\"-1\" ><div class=\"elementor-post__thumbnail\"><img loading=\"lazy\" decoding=\"async\" width=\"1241\" height=\"582\" src=\"https:\/\/mcunha.eu\/wp-content\/uploads\/2022\/10\/Foto-Nova-Ponte.jpg\" class=\"attachment-full size-full wp-image-85602\" alt=\"Foto Nova Ponte\" srcset=\"https:\/\/mcunha.eu\/wp-content\/uploads\/2022\/10\/Foto-Nova-Ponte.jpg 1241w, https:\/\/mcunha.eu\/wp-content\/uploads\/2022\/10\/Foto-Nova-Ponte-300x141.jpg 300w, https:\/\/mcunha.eu\/wp-content\/uploads\/2022\/10\/Foto-Nova-Ponte-1024x480.jpg 1024w, https:\/\/mcunha.eu\/wp-content\/uploads\/2022\/10\/Foto-Nova-Ponte-768x360.jpg 768w, https:\/\/mcunha.eu\/wp-content\/uploads\/2022\/10\/Foto-Nova-Ponte-18x8.jpg 18w\" sizes=\"(max-width: 1241px) 100vw, 1241px\" \/><\/div><\/a>\r\n\t\t\t\t<div class=\"elementor-post__badge\">Uncategorized<\/div>\r\n\t\t\t\t<div class=\"elementor-post__avatar\">\r\n\t\t\t<img alt='Maria Cunha' src='https:\/\/secure.gravatar.com\/avatar\/5ac7a3578d8b30831c4feb416fbeec6fdbf36cdeccc7b6d8da1322d15f0a8c37?s=128&#038;d=mm&#038;r=g' srcset='https:\/\/secure.gravatar.com\/avatar\/5ac7a3578d8b30831c4feb416fbeec6fdbf36cdeccc7b6d8da1322d15f0a8c37?s=256&#038;d=mm&#038;r=g 2x' class='avatar avatar-128 photo' height='128' width='128' \/>\t\t<\/div>\r\n\t\t\t\t<div class=\"elementor-post__text\">\r\n\t\t\t\t<h3 class=\"elementor-post__title\">\r\n\t\t\t<a href=\"https:\/\/mcunha.eu\/pt_PT\/2022\/10\/19\/a-new-revolution-in-urban-mobility\/\" >\r\n\t\t\t\tA New Revolution in Urban Mobility\t\t\t<\/a>\r\n\t\t<\/h3>\r\n\t\t\t\t<div class=\"elementor-post__excerpt\">\r\n\t\t\t<p>O Porto e Gaia, ainda mais ligados, por uma nova linha, que alarga horizontes, encurta dist\u00e2ncias e aproxima pessoas. Esta nova linha de metro &#8211;<\/p>\n\t\t<\/div>\r\n\t\t\r\n\t\t<a class=\"elementor-post__read-more\" href=\"https:\/\/mcunha.eu\/pt_PT\/2022\/10\/19\/a-new-revolution-in-urban-mobility\/\" aria-label=\"Read more about A New Revolution in Urban Mobility\" tabindex=\"-1\" >\r\n\t\t\tLer Mais \u00bb\t\t<\/a>\r\n\r\n\t\t\t\t<\/div>\r\n\t\t\t\t<div class=\"elementor-post__meta-data\">\r\n\t\t\t\t\t<span class=\"elementor-post-author\">\r\n\t\t\tMaria Cunha\t\t<\/span>\r\n\t\t\t\t<span class=\"elementor-post-date\">\r\n\t\t\tOutubro 19, 2022\t\t<\/span>\r\n\t\t\t\t<\/div>\r\n\t\t\t\t\t<\/div>\r\n\t\t<\/article>\r\n\t\t\t\t<article class=\"elementor-post elementor-grid-item post-85589 post type-post status-publish format-standard has-post-thumbnail hentry category-uncategorized tag-investments tag-mcunhablog tag-taxes-oe2023-business-portugal\" role=\"listitem\">\r\n\t\t\t<div class=\"elementor-post__card\">\r\n\t\t\t\t<a class=\"elementor-post__thumbnail__link\" href=\"https:\/\/mcunha.eu\/pt_PT\/2022\/10\/12\/85589\/\" tabindex=\"-1\" ><div class=\"elementor-post__thumbnail\"><img loading=\"lazy\" decoding=\"async\" width=\"2560\" height=\"1707\" src=\"https:\/\/mcunha.eu\/wp-content\/uploads\/2022\/10\/TAX-scaled.jpg\" class=\"attachment-full size-full wp-image-85591\" alt=\"TAX scaled\" srcset=\"https:\/\/mcunha.eu\/wp-content\/uploads\/2022\/10\/TAX-scaled.jpg 2560w, https:\/\/mcunha.eu\/wp-content\/uploads\/2022\/10\/TAX-300x200.jpg 300w, https:\/\/mcunha.eu\/wp-content\/uploads\/2022\/10\/TAX-1024x683.jpg 1024w, https:\/\/mcunha.eu\/wp-content\/uploads\/2022\/10\/TAX-768x512.jpg 768w\" sizes=\"(max-width: 2560px) 100vw, 2560px\" \/><\/div><\/a>\r\n\t\t\t\t<div class=\"elementor-post__badge\">Uncategorized<\/div>\r\n\t\t\t\t<div class=\"elementor-post__avatar\">\r\n\t\t\t<img alt='Maria Cunha' src='https:\/\/secure.gravatar.com\/avatar\/5ac7a3578d8b30831c4feb416fbeec6fdbf36cdeccc7b6d8da1322d15f0a8c37?s=128&#038;d=mm&#038;r=g' srcset='https:\/\/secure.gravatar.com\/avatar\/5ac7a3578d8b30831c4feb416fbeec6fdbf36cdeccc7b6d8da1322d15f0a8c37?s=256&#038;d=mm&#038;r=g 2x' class='avatar avatar-128 photo' height='128' width='128' \/>\t\t<\/div>\r\n\t\t\t\t<div class=\"elementor-post__text\">\r\n\t\t\t\t<h3 class=\"elementor-post__title\">\r\n\t\t\t<a href=\"https:\/\/mcunha.eu\/pt_PT\/2022\/10\/12\/85589\/\" >\r\n\t\t\t\tOE2023 &#8211; IMT Proposals\t\t\t<\/a>\r\n\t\t<\/h3>\r\n\t\t\t\t<div class=\"elementor-post__excerpt\">\r\n\t\t\t<p>Foi no p.p. dia 10 de Outubro, apresentado na Assembleia a proposta de Lei para o novo OE2023. No que diz respeito \u00e0s actualiza\u00e7\u00f5es de<\/p>\n\t\t<\/div>\r\n\t\t\r\n\t\t<a class=\"elementor-post__read-more\" href=\"https:\/\/mcunha.eu\/pt_PT\/2022\/10\/12\/85589\/\" aria-label=\"Read more about OE2023 &#8211; IMT Proposals\" tabindex=\"-1\" >\r\n\t\t\tLer Mais \u00bb\t\t<\/a>\r\n\r\n\t\t\t\t<\/div>\r\n\t\t\t\t<div class=\"elementor-post__meta-data\">\r\n\t\t\t\t\t<span class=\"elementor-post-author\">\r\n\t\t\tMaria Cunha\t\t<\/span>\r\n\t\t\t\t<span class=\"elementor-post-date\">\r\n\t\t\tOutubro 12, 2022\t\t<\/span>\r\n\t\t\t\t<\/div>\r\n\t\t\t\t\t<\/div>\r\n\t\t<\/article>\r\n\t\t\t\t<article class=\"elementor-post elementor-grid-item post-85582 post type-post status-publish format-standard has-post-thumbnail hentry category-uncategorized tag-algarve tag-cruises tag-lisboa tag-portugal tag-turismo tag-worldtravelawards-porto\" role=\"listitem\">\r\n\t\t\t<div class=\"elementor-post__card\">\r\n\t\t\t\t<a class=\"elementor-post__thumbnail__link\" href=\"https:\/\/mcunha.eu\/pt_PT\/2022\/10\/05\/world-travel-awards\/\" tabindex=\"-1\" ><div class=\"elementor-post__thumbnail\"><img loading=\"lazy\" decoding=\"async\" width=\"2071\" height=\"2560\" src=\"https:\/\/mcunha.eu\/wp-content\/uploads\/2022\/10\/Porto-scaled.jpg\" class=\"attachment-full size-full wp-image-85585\" alt=\"Porto scaled\" srcset=\"https:\/\/mcunha.eu\/wp-content\/uploads\/2022\/10\/Porto-scaled.jpg 2071w, https:\/\/mcunha.eu\/wp-content\/uploads\/2022\/10\/Porto-243x300.jpg 243w, https:\/\/mcunha.eu\/wp-content\/uploads\/2022\/10\/Porto-828x1024.jpg 828w, https:\/\/mcunha.eu\/wp-content\/uploads\/2022\/10\/Porto-768x949.jpg 768w, https:\/\/mcunha.eu\/wp-content\/uploads\/2022\/10\/Porto-1243x1536.jpg 1243w, https:\/\/mcunha.eu\/wp-content\/uploads\/2022\/10\/Porto-1657x2048.jpg 1657w, https:\/\/mcunha.eu\/wp-content\/uploads\/2022\/10\/Porto-10x12.jpg 10w\" sizes=\"(max-width: 2071px) 100vw, 2071px\" \/><\/div><\/a>\r\n\t\t\t\t<div class=\"elementor-post__badge\">Uncategorized<\/div>\r\n\t\t\t\t<div class=\"elementor-post__avatar\">\r\n\t\t\t<img alt='Maria Cunha' src='https:\/\/secure.gravatar.com\/avatar\/5ac7a3578d8b30831c4feb416fbeec6fdbf36cdeccc7b6d8da1322d15f0a8c37?s=128&#038;d=mm&#038;r=g' srcset='https:\/\/secure.gravatar.com\/avatar\/5ac7a3578d8b30831c4feb416fbeec6fdbf36cdeccc7b6d8da1322d15f0a8c37?s=256&#038;d=mm&#038;r=g 2x' class='avatar avatar-128 photo' height='128' width='128' \/>\t\t<\/div>\r\n\t\t\t\t<div class=\"elementor-post__text\">\r\n\t\t\t\t<h3 class=\"elementor-post__title\">\r\n\t\t\t<a href=\"https:\/\/mcunha.eu\/pt_PT\/2022\/10\/05\/world-travel-awards\/\" >\r\n\t\t\t\tWorld Travel Awards\t\t\t<\/a>\r\n\t\t<\/h3>\r\n\t\t\t\t<div class=\"elementor-post__excerpt\">\r\n\t\t\t<p>E n\u00e3o \u00e9 que o Porto est\u00e1 de novo de parab\u00e9ns?!! N\u00e3o s\u00f3 o PORTO, a nossa cidade, mas tamb\u00e9m Portugal que no passado s\u00e1bado,<\/p>\n\t\t<\/div>\r\n\t\t\r\n\t\t<a class=\"elementor-post__read-more\" href=\"https:\/\/mcunha.eu\/pt_PT\/2022\/10\/05\/world-travel-awards\/\" aria-label=\"Read more about World Travel Awards\" tabindex=\"-1\" >\r\n\t\t\tLer Mais \u00bb\t\t<\/a>\r\n\r\n\t\t\t\t<\/div>\r\n\t\t\t\t<div class=\"elementor-post__meta-data\">\r\n\t\t\t\t\t<span class=\"elementor-post-author\">\r\n\t\t\tMaria Cunha\t\t<\/span>\r\n\t\t\t\t<span class=\"elementor-post-date\">\r\n\t\t\tOutubro 5, 2022\t\t<\/span>\r\n\t\t\t\t<\/div>\r\n\t\t\t\t\t<\/div>\r\n\t\t<\/article>\r\n\t\t\t\t<article class=\"elementor-post elementor-grid-item post-85454 post type-post status-publish format-standard has-post-thumbnail hentry category-uncategorized tag-portugalinvestments-realestatesummit-portugal-europe\" role=\"listitem\">\r\n\t\t\t<div class=\"elementor-post__card\">\r\n\t\t\t\t<a class=\"elementor-post__thumbnail__link\" href=\"https:\/\/mcunha.eu\/pt_PT\/2022\/09\/15\/portugal-real-estate-summit-lisbon-21-22-september\/\" tabindex=\"-1\" ><div class=\"elementor-post__thumbnail\"><img loading=\"lazy\" decoding=\"async\" width=\"2560\" height=\"1675\" src=\"https:\/\/mcunha.eu\/wp-content\/uploads\/2022\/09\/Torre-de-Belem-Lisboa-scaled.jpg\" class=\"attachment-full size-full wp-image-85455\" alt=\"Torre de Belem Lisboa scaled\" srcset=\"https:\/\/mcunha.eu\/wp-content\/uploads\/2022\/09\/Torre-de-Belem-Lisboa-scaled.jpg 2560w, https:\/\/mcunha.eu\/wp-content\/uploads\/2022\/09\/Torre-de-Belem-Lisboa-300x196.jpg 300w, https:\/\/mcunha.eu\/wp-content\/uploads\/2022\/09\/Torre-de-Belem-Lisboa-1024x670.jpg 1024w, https:\/\/mcunha.eu\/wp-content\/uploads\/2022\/09\/Torre-de-Belem-Lisboa-768x503.jpg 768w, https:\/\/mcunha.eu\/wp-content\/uploads\/2022\/09\/Torre-de-Belem-Lisboa-1536x1005.jpg 1536w, https:\/\/mcunha.eu\/wp-content\/uploads\/2022\/09\/Torre-de-Belem-Lisboa-2048x1340.jpg 2048w, https:\/\/mcunha.eu\/wp-content\/uploads\/2022\/09\/Torre-de-Belem-Lisboa-18x12.jpg 18w\" sizes=\"(max-width: 2560px) 100vw, 2560px\" \/><\/div><\/a>\r\n\t\t\t\t<div class=\"elementor-post__badge\">Uncategorized<\/div>\r\n\t\t\t\t<div class=\"elementor-post__avatar\">\r\n\t\t\t<img alt='Maria Cunha' src='https:\/\/secure.gravatar.com\/avatar\/5ac7a3578d8b30831c4feb416fbeec6fdbf36cdeccc7b6d8da1322d15f0a8c37?s=128&#038;d=mm&#038;r=g' srcset='https:\/\/secure.gravatar.com\/avatar\/5ac7a3578d8b30831c4feb416fbeec6fdbf36cdeccc7b6d8da1322d15f0a8c37?s=256&#038;d=mm&#038;r=g 2x' class='avatar avatar-128 photo' height='128' width='128' \/>\t\t<\/div>\r\n\t\t\t\t<div class=\"elementor-post__text\">\r\n\t\t\t\t<h3 class=\"elementor-post__title\">\r\n\t\t\t<a href=\"https:\/\/mcunha.eu\/pt_PT\/2022\/09\/15\/portugal-real-estate-summit-lisbon-21-22-september\/\" >\r\n\t\t\t\tPortugal Real Estate Summit &#8211; Lisbon 21\/22 September\t\t\t<\/a>\r\n\t\t<\/h3>\r\n\t\t\t\t<div class=\"elementor-post__excerpt\">\r\n\t\t\t<p>No pr\u00f3ximo dia 21 e 22 de Setembro, ter\u00e1 lugar em Lisboa, a VI Edi\u00e7\u00e3o do Portugal Real Estate Summit, num encantador Hotel Pal\u00e1cio Estoril.<\/p>\n\t\t<\/div>\r\n\t\t\r\n\t\t<a class=\"elementor-post__read-more\" href=\"https:\/\/mcunha.eu\/pt_PT\/2022\/09\/15\/portugal-real-estate-summit-lisbon-21-22-september\/\" aria-label=\"Read more about Portugal Real Estate Summit &#8211; Lisbon 21\/22 September\" tabindex=\"-1\" >\r\n\t\t\tLer Mais \u00bb\t\t<\/a>\r\n\r\n\t\t\t\t<\/div>\r\n\t\t\t\t<div class=\"elementor-post__meta-data\">\r\n\t\t\t\t\t<span class=\"elementor-post-author\">\r\n\t\t\tMaria Cunha\t\t<\/span>\r\n\t\t\t\t<span class=\"elementor-post-date\">\r\n\t\t\tSetembro 15, 2022\t\t<\/span>\r\n\t\t\t\t<\/div>\r\n\t\t\t\t\t<\/div>\r\n\t\t<\/article>\r\n\t\t\t\t<article class=\"elementor-post elementor-grid-item post-85419 post type-post status-publish format-standard has-post-thumbnail hentry category-uncategorized tag-gaia tag-investments tag-matosinhos tag-porto tag-regionofthefuture\" role=\"listitem\">\r\n\t\t\t<div class=\"elementor-post__card\">\r\n\t\t\t\t<a class=\"elementor-post__thumbnail__link\" href=\"https:\/\/mcunha.eu\/pt_PT\/2022\/09\/12\/welcome-to-a-greater-porto-regionofthefuture\/\" tabindex=\"-1\" ><div class=\"elementor-post__thumbnail\"><img loading=\"lazy\" decoding=\"async\" width=\"1125\" height=\"1500\" src=\"https:\/\/mcunha.eu\/wp-content\/uploads\/2022\/09\/Greater-Porto_low.jpg\" class=\"attachment-full size-full wp-image-85423\" alt=\"Greater Porto low\" srcset=\"https:\/\/mcunha.eu\/wp-content\/uploads\/2022\/09\/Greater-Porto_low.jpg 1125w, https:\/\/mcunha.eu\/wp-content\/uploads\/2022\/09\/Greater-Porto_low-225x300.jpg 225w, https:\/\/mcunha.eu\/wp-content\/uploads\/2022\/09\/Greater-Porto_low-768x1024.jpg 768w, https:\/\/mcunha.eu\/wp-content\/uploads\/2022\/09\/Greater-Porto_low-9x12.jpg 9w\" sizes=\"(max-width: 1125px) 100vw, 1125px\" \/><\/div><\/a>\r\n\t\t\t\t<div class=\"elementor-post__badge\">Uncategorized<\/div>\r\n\t\t\t\t<div class=\"elementor-post__avatar\">\r\n\t\t\t<img alt='Maria Cunha' src='https:\/\/secure.gravatar.com\/avatar\/5ac7a3578d8b30831c4feb416fbeec6fdbf36cdeccc7b6d8da1322d15f0a8c37?s=128&#038;d=mm&#038;r=g' srcset='https:\/\/secure.gravatar.com\/avatar\/5ac7a3578d8b30831c4feb416fbeec6fdbf36cdeccc7b6d8da1322d15f0a8c37?s=256&#038;d=mm&#038;r=g 2x' class='avatar avatar-128 photo' height='128' width='128' \/>\t\t<\/div>\r\n\t\t\t\t<div class=\"elementor-post__text\">\r\n\t\t\t\t<h3 class=\"elementor-post__title\">\r\n\t\t\t<a href=\"https:\/\/mcunha.eu\/pt_PT\/2022\/09\/12\/welcome-to-a-greater-porto-regionofthefuture\/\" >\r\n\t\t\t\tWelcome to a &#8220;GREATER PORTO&#8221; &#8211; #regionofthefuture\t\t\t<\/a>\r\n\t\t<\/h3>\r\n\t\t\t\t<div class=\"elementor-post__excerpt\">\r\n\t\t\t<p>Nos passados dias 7 e 8, decorreram em Vila Nova de Gaia e Matosinhos, respectivamente, as sess\u00f5es de apresenta\u00e7\u00e3o do &#8220;Greater Porto&#8221;, projecto que une<\/p>\n\t\t<\/div>\r\n\t\t\r\n\t\t<a class=\"elementor-post__read-more\" href=\"https:\/\/mcunha.eu\/pt_PT\/2022\/09\/12\/welcome-to-a-greater-porto-regionofthefuture\/\" aria-label=\"Read more about Welcome to a &#8220;GREATER PORTO&#8221; &#8211; #regionofthefuture\" tabindex=\"-1\" >\r\n\t\t\tLer Mais \u00bb\t\t<\/a>\r\n\r\n\t\t\t\t<\/div>\r\n\t\t\t\t<div class=\"elementor-post__meta-data\">\r\n\t\t\t\t\t<span class=\"elementor-post-author\">\r\n\t\t\tMaria Cunha\t\t<\/span>\r\n\t\t\t\t<span class=\"elementor-post-date\">\r\n\t\t\tSetembro 12, 2022\t\t<\/span>\r\n\t\t\t\t<\/div>\r\n\t\t\t\t\t<\/div>\r\n\t\t<\/article>\r\n\t\t\t\t<article class=\"elementor-post elementor-grid-item post-85401 post type-post status-publish format-standard has-post-thumbnail hentry category-uncategorized tag-investments tag-northregion tag-opportunities tag-porto tag-residenciasuniversitarias\" role=\"listitem\">\r\n\t\t\t<div class=\"elementor-post__card\">\r\n\t\t\t\t<a class=\"elementor-post__thumbnail__link\" href=\"https:\/\/mcunha.eu\/pt_PT\/2022\/09\/05\/student-residences-investment-opportunity-for-the-private-market\/\" tabindex=\"-1\" ><div class=\"elementor-post__thumbnail\"><img loading=\"lazy\" decoding=\"async\" width=\"1242\" height=\"908\" src=\"https:\/\/mcunha.eu\/wp-content\/uploads\/2022\/09\/Residencia-Universitaria-1.09.22.jpg\" class=\"attachment-full size-full wp-image-85402\" alt=\"Residencia Universitaria 1.09.22\" srcset=\"https:\/\/mcunha.eu\/wp-content\/uploads\/2022\/09\/Residencia-Universitaria-1.09.22.jpg 1242w, https:\/\/mcunha.eu\/wp-content\/uploads\/2022\/09\/Residencia-Universitaria-1.09.22-300x219.jpg 300w, https:\/\/mcunha.eu\/wp-content\/uploads\/2022\/09\/Residencia-Universitaria-1.09.22-1024x749.jpg 1024w, https:\/\/mcunha.eu\/wp-content\/uploads\/2022\/09\/Residencia-Universitaria-1.09.22-768x561.jpg 768w, https:\/\/mcunha.eu\/wp-content\/uploads\/2022\/09\/Residencia-Universitaria-1.09.22-16x12.jpg 16w\" sizes=\"(max-width: 1242px) 100vw, 1242px\" \/><\/div><\/a>\r\n\t\t\t\t<div class=\"elementor-post__badge\">Uncategorized<\/div>\r\n\t\t\t\t<div class=\"elementor-post__avatar\">\r\n\t\t\t<img alt='Maria Cunha' src='https:\/\/secure.gravatar.com\/avatar\/5ac7a3578d8b30831c4feb416fbeec6fdbf36cdeccc7b6d8da1322d15f0a8c37?s=128&#038;d=mm&#038;r=g' srcset='https:\/\/secure.gravatar.com\/avatar\/5ac7a3578d8b30831c4feb416fbeec6fdbf36cdeccc7b6d8da1322d15f0a8c37?s=256&#038;d=mm&#038;r=g 2x' class='avatar avatar-128 photo' height='128' width='128' \/>\t\t<\/div>\r\n\t\t\t\t<div class=\"elementor-post__text\">\r\n\t\t\t\t<h3 class=\"elementor-post__title\">\r\n\t\t\t<a href=\"https:\/\/mcunha.eu\/pt_PT\/2022\/09\/05\/student-residences-investment-opportunity-for-the-private-market\/\" >\r\n\t\t\t\tSTUDENT RESIDENCES &#8211; Investment Opportunity for the Private Market\t\t\t<\/a>\r\n\t\t<\/h3>\r\n\t\t\t\t<div class=\"elementor-post__excerpt\">\r\n\t\t\t<p>We continue to experience a lack of rooms, houses and residences for university students. Portugal registers an increase in the number of students, for whom<\/p>\n\t\t<\/div>\r\n\t\t\r\n\t\t<a class=\"elementor-post__read-more\" href=\"https:\/\/mcunha.eu\/pt_PT\/2022\/09\/05\/student-residences-investment-opportunity-for-the-private-market\/\" aria-label=\"Read more about STUDENT RESIDENCES &#8211; Investment Opportunity for the Private Market\" tabindex=\"-1\" >\r\n\t\t\tLer Mais \u00bb\t\t<\/a>\r\n\r\n\t\t\t\t<\/div>\r\n\t\t\t\t<div class=\"elementor-post__meta-data\">\r\n\t\t\t\t\t<span class=\"elementor-post-author\">\r\n\t\t\tMaria Cunha\t\t<\/span>\r\n\t\t\t\t<span class=\"elementor-post-date\">\r\n\t\t\tSetembro 5, 2022\t\t<\/span>\r\n\t\t\t\t<\/div>\r\n\t\t\t\t\t<\/div>\r\n\t\t<\/article>\r\n\t\t\t\t<article class=\"elementor-post elementor-grid-item post-85312 post type-post status-publish format-standard has-post-thumbnail hentry category-uncategorized\" role=\"listitem\">\r\n\t\t\t<div class=\"elementor-post__card\">\r\n\t\t\t\t<a class=\"elementor-post__thumbnail__link\" href=\"https:\/\/mcunha.eu\/pt_PT\/2022\/07\/15\/nearshoring-industrial-portugal-em-2a-posicao-como-pais-mais-atractivo\/\" tabindex=\"-1\" ><div class=\"elementor-post__thumbnail\"><img loading=\"lazy\" decoding=\"async\" width=\"2560\" height=\"1245\" src=\"https:\/\/mcunha.eu\/wp-content\/uploads\/2022\/07\/e8b1d685-a250-5201-e739-a093f4c4f1ba-scaled.jpg\" class=\"attachment-full size-full wp-image-85313\" alt=\"e8b1d685 a250 5201 e739 a093f4c4f1ba scaled\" srcset=\"https:\/\/mcunha.eu\/wp-content\/uploads\/2022\/07\/e8b1d685-a250-5201-e739-a093f4c4f1ba-scaled.jpg 2560w, https:\/\/mcunha.eu\/wp-content\/uploads\/2022\/07\/e8b1d685-a250-5201-e739-a093f4c4f1ba-300x146.jpg 300w, https:\/\/mcunha.eu\/wp-content\/uploads\/2022\/07\/e8b1d685-a250-5201-e739-a093f4c4f1ba-1024x498.jpg 1024w, https:\/\/mcunha.eu\/wp-content\/uploads\/2022\/07\/e8b1d685-a250-5201-e739-a093f4c4f1ba-768x373.jpg 768w, https:\/\/mcunha.eu\/wp-content\/uploads\/2022\/07\/e8b1d685-a250-5201-e739-a093f4c4f1ba-1536x747.jpg 1536w, https:\/\/mcunha.eu\/wp-content\/uploads\/2022\/07\/e8b1d685-a250-5201-e739-a093f4c4f1ba-2048x996.jpg 2048w, https:\/\/mcunha.eu\/wp-content\/uploads\/2022\/07\/e8b1d685-a250-5201-e739-a093f4c4f1ba-18x9.jpg 18w\" sizes=\"(max-width: 2560px) 100vw, 2560px\" \/><\/div><\/a>\r\n\t\t\t\t<div class=\"elementor-post__badge\">Uncategorized<\/div>\r\n\t\t\t\t<div class=\"elementor-post__avatar\">\r\n\t\t\t<img alt='Maria Cunha' src='https:\/\/secure.gravatar.com\/avatar\/5ac7a3578d8b30831c4feb416fbeec6fdbf36cdeccc7b6d8da1322d15f0a8c37?s=128&#038;d=mm&#038;r=g' srcset='https:\/\/secure.gravatar.com\/avatar\/5ac7a3578d8b30831c4feb416fbeec6fdbf36cdeccc7b6d8da1322d15f0a8c37?s=256&#038;d=mm&#038;r=g 2x' class='avatar avatar-128 photo' height='128' width='128' \/>\t\t<\/div>\r\n\t\t\t\t<div class=\"elementor-post__text\">\r\n\t\t\t\t<h3 class=\"elementor-post__title\">\r\n\t\t\t<a href=\"https:\/\/mcunha.eu\/pt_PT\/2022\/07\/15\/nearshoring-industrial-portugal-em-2a-posicao-como-pais-mais-atractivo\/\" >\r\n\t\t\t\tNearshoring Industrial \u2013 Portugal em 2\u00aa posi\u00e7\u00e3o, como pa\u00eds mais atractivo.\t\t\t<\/a>\r\n\t\t<\/h3>\r\n\t\t\t\t<div class=\"elementor-post__excerpt\">\r\n\t\t\t<p>Um estudo da Savillis, coloca Portugal em 2\u00ba lugar, apenas ultrapassado pela Rep\u00fablica Checa. A pandemia, tens\u00f5es geopol\u00edticas e a crescente import\u00e2ncia da sustentabilidade, faz<\/p>\n\t\t<\/div>\r\n\t\t\r\n\t\t<a class=\"elementor-post__read-more\" href=\"https:\/\/mcunha.eu\/pt_PT\/2022\/07\/15\/nearshoring-industrial-portugal-em-2a-posicao-como-pais-mais-atractivo\/\" aria-label=\"Read more about Nearshoring Industrial \u2013 Portugal em 2\u00aa posi\u00e7\u00e3o, como pa\u00eds mais atractivo.\" tabindex=\"-1\" >\r\n\t\t\tLer Mais \u00bb\t\t<\/a>\r\n\r\n\t\t\t\t<\/div>\r\n\t\t\t\t<div class=\"elementor-post__meta-data\">\r\n\t\t\t\t\t<span class=\"elementor-post-author\">\r\n\t\t\tMaria Cunha\t\t<\/span>\r\n\t\t\t\t<span class=\"elementor-post-date\">\r\n\t\t\tJulho 15, 2022\t\t<\/span>\r\n\t\t\t\t<\/div>\r\n\t\t\t\t\t<\/div>\r\n\t\t<\/article>\r\n\t\t\t\t<article class=\"elementor-post elementor-grid-item post-85305 post type-post status-publish format-standard has-post-thumbnail hentry category-uncategorized\" role=\"listitem\">\r\n\t\t\t<div class=\"elementor-post__card\">\r\n\t\t\t\t<a class=\"elementor-post__thumbnail__link\" href=\"https:\/\/mcunha.eu\/pt_PT\/2022\/07\/15\/grupo-hotusa-investe-em-espinho\/\" tabindex=\"-1\" ><div class=\"elementor-post__thumbnail\"><img loading=\"lazy\" decoding=\"async\" width=\"800\" height=\"694\" src=\"https:\/\/mcunha.eu\/wp-content\/uploads\/2022\/07\/33101594-d308-62de-83ee-74b04ff308b8.png\" class=\"attachment-full size-full wp-image-85306\" alt=\"33101594 d308 62de 83ee 74b04ff308b8\" srcset=\"https:\/\/mcunha.eu\/wp-content\/uploads\/2022\/07\/33101594-d308-62de-83ee-74b04ff308b8.png 800w, https:\/\/mcunha.eu\/wp-content\/uploads\/2022\/07\/33101594-d308-62de-83ee-74b04ff308b8-300x260.png 300w, https:\/\/mcunha.eu\/wp-content\/uploads\/2022\/07\/33101594-d308-62de-83ee-74b04ff308b8-768x666.png 768w, https:\/\/mcunha.eu\/wp-content\/uploads\/2022\/07\/33101594-d308-62de-83ee-74b04ff308b8-14x12.png 14w\" sizes=\"(max-width: 800px) 100vw, 800px\" \/><\/div><\/a>\r\n\t\t\t\t<div class=\"elementor-post__badge\">Uncategorized<\/div>\r\n\t\t\t\t<div class=\"elementor-post__avatar\">\r\n\t\t\t<img alt='Maria Cunha' src='https:\/\/secure.gravatar.com\/avatar\/5ac7a3578d8b30831c4feb416fbeec6fdbf36cdeccc7b6d8da1322d15f0a8c37?s=128&#038;d=mm&#038;r=g' srcset='https:\/\/secure.gravatar.com\/avatar\/5ac7a3578d8b30831c4feb416fbeec6fdbf36cdeccc7b6d8da1322d15f0a8c37?s=256&#038;d=mm&#038;r=g 2x' class='avatar avatar-128 photo' height='128' width='128' \/>\t\t<\/div>\r\n\t\t\t\t<div class=\"elementor-post__text\">\r\n\t\t\t\t<h3 class=\"elementor-post__title\">\r\n\t\t\t<a href=\"https:\/\/mcunha.eu\/pt_PT\/2022\/07\/15\/grupo-hotusa-investe-em-espinho\/\" >\r\n\t\t\t\tGrupo Hotusa investe em Espinho\t\t\t<\/a>\r\n\t\t<\/h3>\r\n\t\t\t\t<div class=\"elementor-post__excerpt\">\r\n\t\t\t<p>Conforme comunicado, citado pelo Publituris, Portugal torna-se \u00abo mercado com maior implementa\u00e7\u00e3o do Eurostars Hotel Company\u00bb, com 22 hot\u00e9is localizados em Lisboa, Porto, Cascais, Figueira<\/p>\n\t\t<\/div>\r\n\t\t\r\n\t\t<a class=\"elementor-post__read-more\" href=\"https:\/\/mcunha.eu\/pt_PT\/2022\/07\/15\/grupo-hotusa-investe-em-espinho\/\" aria-label=\"Read more about Grupo Hotusa investe em Espinho\" tabindex=\"-1\" >\r\n\t\t\tLer Mais \u00bb\t\t<\/a>\r\n\r\n\t\t\t\t<\/div>\r\n\t\t\t\t<div class=\"elementor-post__meta-data\">\r\n\t\t\t\t\t<span class=\"elementor-post-author\">\r\n\t\t\tMaria Cunha\t\t<\/span>\r\n\t\t\t\t<span class=\"elementor-post-date\">\r\n\t\t\tJulho 15, 2022\t\t<\/span>\r\n\t\t\t\t<\/div>\r\n\t\t\t\t\t<\/div>\r\n\t\t<\/article>\r\n\t\t\t\t<article class=\"elementor-post elementor-grid-item post-85271 post type-post status-publish format-standard has-post-thumbnail hentry category-uncategorized\" role=\"listitem\">\r\n\t\t\t<div class=\"elementor-post__card\">\r\n\t\t\t\t<a class=\"elementor-post__thumbnail__link\" href=\"https:\/\/mcunha.eu\/pt_PT\/2022\/07\/15\/levar-o-mundo-ate-ao-douro\/\" tabindex=\"-1\" ><div class=\"elementor-post__thumbnail\"><img loading=\"lazy\" decoding=\"async\" width=\"1620\" height=\"1080\" src=\"https:\/\/mcunha.eu\/wp-content\/uploads\/2022\/07\/9454c0e1-01fb-d6db-9fe3-d8e170aded1a.jpg\" class=\"attachment-full size-full wp-image-85290\" alt=\"9454c0e1 01fb d6db 9fe3 d8e170aded1a\" srcset=\"https:\/\/mcunha.eu\/wp-content\/uploads\/2022\/07\/9454c0e1-01fb-d6db-9fe3-d8e170aded1a.jpg 1620w, https:\/\/mcunha.eu\/wp-content\/uploads\/2022\/07\/9454c0e1-01fb-d6db-9fe3-d8e170aded1a-300x200.jpg 300w, https:\/\/mcunha.eu\/wp-content\/uploads\/2022\/07\/9454c0e1-01fb-d6db-9fe3-d8e170aded1a-1024x683.jpg 1024w, https:\/\/mcunha.eu\/wp-content\/uploads\/2022\/07\/9454c0e1-01fb-d6db-9fe3-d8e170aded1a-768x512.jpg 768w, https:\/\/mcunha.eu\/wp-content\/uploads\/2022\/07\/9454c0e1-01fb-d6db-9fe3-d8e170aded1a-1536x1024.jpg 1536w, https:\/\/mcunha.eu\/wp-content\/uploads\/2022\/07\/9454c0e1-01fb-d6db-9fe3-d8e170aded1a-18x12.jpg 18w\" sizes=\"(max-width: 1620px) 100vw, 1620px\" \/><\/div><\/a>\r\n\t\t\t\t<div class=\"elementor-post__badge\">Uncategorized<\/div>\r\n\t\t\t\t<div class=\"elementor-post__avatar\">\r\n\t\t\t<img alt='Maria Cunha' src='https:\/\/secure.gravatar.com\/avatar\/5ac7a3578d8b30831c4feb416fbeec6fdbf36cdeccc7b6d8da1322d15f0a8c37?s=128&#038;d=mm&#038;r=g' srcset='https:\/\/secure.gravatar.com\/avatar\/5ac7a3578d8b30831c4feb416fbeec6fdbf36cdeccc7b6d8da1322d15f0a8c37?s=256&#038;d=mm&#038;r=g 2x' class='avatar avatar-128 photo' height='128' width='128' \/>\t\t<\/div>\r\n\t\t\t\t<div class=\"elementor-post__text\">\r\n\t\t\t\t<h3 class=\"elementor-post__title\">\r\n\t\t\t<a href=\"https:\/\/mcunha.eu\/pt_PT\/2022\/07\/15\/levar-o-mundo-ate-ao-douro\/\" >\r\n\t\t\t\tLevar O Mundo At\u00e9 Ao Douro!\t\t\t<\/a>\r\n\t\t<\/h3>\r\n\t\t\t\t<div class=\"elementor-post__excerpt\">\r\n\t\t\t<p>A regi\u00e3o do Douro, foi escolhida para Cidade Europeia do Mundo em 2023, e Portugal seguir\u00e1 o S\/caminho de ser um pa\u00eds procurado, tanto na<\/p>\n\t\t<\/div>\r\n\t\t\r\n\t\t<a class=\"elementor-post__read-more\" href=\"https:\/\/mcunha.eu\/pt_PT\/2022\/07\/15\/levar-o-mundo-ate-ao-douro\/\" aria-label=\"Read more about Levar O Mundo At\u00e9 Ao Douro!\" tabindex=\"-1\" >\r\n\t\t\tLer Mais \u00bb\t\t<\/a>\r\n\r\n\t\t\t\t<\/div>\r\n\t\t\t\t<div class=\"elementor-post__meta-data\">\r\n\t\t\t\t\t<span class=\"elementor-post-author\">\r\n\t\t\tMaria Cunha\t\t<\/span>\r\n\t\t\t\t<span class=\"elementor-post-date\">\r\n\t\t\tJulho 15, 2022\t\t<\/span>\r\n\t\t\t\t<\/div>\r\n\t\t\t\t\t<\/div>\r\n\t\t<\/article>\r\n\t\t\t\t<\/div>\r\n\t\t\t\t\t<span class=\"e-load-more-spinner\">\r\n\t\t\t\t<i aria-hidden=\"true\" class=\"fas fa-spinner\"><\/i>\t\t\t<\/span>\r\n\t\t\r\n\t\t\t\t\t\t<\/div>\n\t\t\t\t<\/div>\n\t\t\t\t\t<\/div>\n\t\t<\/div>\n\t\t\t\t\t<\/div>\n\t\t<\/section>\n\t\t\t\t<\/div>","protected":false},"excerpt":{"rendered":"","protected":false},"author":4,"featured_media":84944,"parent":0,"menu_order":0,"comment_status":"closed","ping_status":"closed","template":"","meta":{"_acf_changed":false,"footnotes":""},"class_list":["post-85272","page","type-page","status-publish","has-post-thumbnail","hentry"],"acf":[],"aioseo_notices":[],"_links":{"self":[{"href":"https:\/\/mcunha.eu\/pt_PT\/wp-json\/wp\/v2\/pages\/85272","targetHints":{"allow":["GET"]}}],"collection":[{"href":"https:\/\/mcunha.eu\/pt_PT\/wp-json\/wp\/v2\/pages"}],"about":[{"href":"https:\/\/mcunha.eu\/pt_PT\/wp-json\/wp\/v2\/types\/page"}],"author":[{"embeddable":true,"href":"https:\/\/mcunha.eu\/pt_PT\/wp-json\/wp\/v2\/users\/4"}],"replies":[{"embeddable":true,"href":"https:\/\/mcunha.eu\/pt_PT\/wp-json\/wp\/v2\/comments?post=85272"}],"version-history":[{"count":25,"href":"https:\/\/mcunha.eu\/pt_PT\/wp-json\/wp\/v2\/pages\/85272\/revisions"}],"predecessor-version":[{"id":85317,"href":"https:\/\/mcunha.eu\/pt_PT\/wp-json\/wp\/v2\/pages\/85272\/revisions\/85317"}],"wp:featuredmedia":[{"embeddable":true,"href":"https:\/\/mcunha.eu\/pt_PT\/wp-json\/wp\/v2\/media\/84944"}],"wp:attachment":[{"href":"https:\/\/mcunha.eu\/pt_PT\/wp-json\/wp\/v2\/media?parent=85272"}],"curies":[{"name":"wp","href":"https:\/\/api.w.org\/{rel}","templated":true}]}}